{"id":7623,"date":"2024-08-30T09:19:20","date_gmt":"2024-08-30T12:19:20","guid":{"rendered":"https:\/\/www.secheep.gob.ar\/?page_id=7623"},"modified":"2024-10-09T10:32:48","modified_gmt":"2024-10-09T13:32:48","slug":"el-viaje-de-la-energia","status":"publish","type":"page","link":"https:\/\/www.secheep.gob.ar\/?page_id=7623","title":{"rendered":"El Viaje de la Energ\u00eda"},"content":{"rendered":"<p>[et_pb_section fb_built=\u00bb1&#8243; admin_label=\u00bbSection\u00bb module_id=\u00bbaaa\u00bb _builder_version=\u00bb4.27.2&#8243; _module_preset=\u00bbdefault\u00bb background_image=\u00bbhttps:\/\/www.secheep.gob.ar\/wp-content\/uploads\/2024\/08\/fondo-mas-chico.png\u00bb da_popup_slug=\u00bbaaa\u00bb da_disable_devices=\u00bboff|off|off\u00bb global_colors_info=\u00bb{}\u00bb da_is_popup=\u00bboff\u00bb da_exit_intent=\u00bboff\u00bb da_has_close=\u00bbon\u00bb da_alt_close=\u00bboff\u00bb da_dark_close=\u00bboff\u00bb da_not_modal=\u00bbon\u00bb da_is_singular=\u00bboff\u00bb da_with_loader=\u00bboff\u00bb da_has_shadow=\u00bbon\u00bb][et_pb_row _builder_version=\u00bb4.27.0&#8243; _module_preset=\u00bbdefault\u00bb global_colors_info=\u00bb{}\u00bb][et_pb_column type=\u00bb4_4&#8243; _builder_version=\u00bb4.27.0&#8243; _module_preset=\u00bbdefault\u00bb global_colors_info=\u00bb{}\u00bb][et_pb_image src=\u00bbhttps:\/\/www.secheep.gob.ar\/wp-content\/uploads\/2024\/08\/proyecto-portada_1.png\u00bb title_text=\u00bbproyecto portada_1&#8243; _builder_version=\u00bb4.27.0&#8243; _module_preset=\u00bbdefault\u00bb width=\u00bb75%\u00bb module_alignment=\u00bbcenter\u00bb global_colors_info=\u00bb{}\u00bb][\/et_pb_image][\/et_pb_column][\/et_pb_row][\/et_pb_section][et_pb_section fb_built=\u00bb1&#8243; admin_label=\u00bbSection\u00bb _builder_version=\u00bb4.27.0&#8243; _module_preset=\u00bbdefault\u00bb background_color=\u00bb#003c80&#8243; da_disable_devices=\u00bboff|off|off\u00bb global_colors_info=\u00bb{}\u00bb da_is_popup=\u00bboff\u00bb da_exit_intent=\u00bboff\u00bb da_has_close=\u00bbon\u00bb da_alt_close=\u00bboff\u00bb da_dark_close=\u00bboff\u00bb da_not_modal=\u00bbon\u00bb da_is_singular=\u00bboff\u00bb da_with_loader=\u00bboff\u00bb da_has_shadow=\u00bbon\u00bb][et_pb_row column_structure=\u00bb3_5,2_5&#8243; _builder_version=\u00bb4.27.0&#8243; _module_preset=\u00bbdefault\u00bb custom_padding=\u00bb||13px||false|false\u00bb global_colors_info=\u00bb{}\u00bb][et_pb_column type=\u00bb3_5&#8243; _builder_version=\u00bb4.27.0&#8243; _module_preset=\u00bbdefault\u00bb global_colors_info=\u00bb{}\u00bb][et_pb_text _builder_version=\u00bb4.27.0&#8243; _module_preset=\u00bbdefault\u00bb text_font=\u00bb&#8211;et_global_body_font||||||||\u00bb text_text_color=\u00bb#FFFFFF\u00bb global_colors_info=\u00bb{}\u00bb]<\/p>\n<p>En Secheep estamos desarrollando el programa <strong>\u201cChaco Energ\u00e9tico y Sustentable\u201d<\/strong>, una iniciativa destinada a promover el uso responsable de la energ\u00eda el\u00e9ctrica y la conciencia ambiental en la provincia.<\/p>\n<p>En su primera etapa, el proyecto incluye el Programa Educativo <strong>\u201cEl Viaje de la Energ\u00eda\u201d<\/strong>, que se implementar\u00e1 en las escuelas de la provincia del Chaco. A trav\u00e9s de este programa, los estudiantes aprender\u00e1n sobre <strong>el origen de la energ\u00eda el\u00e9ctrica, su uso eficiente y la prevenci\u00f3n de accidentes el\u00e9ctricos,<\/strong> utilizando materiales did\u00e1cticos y actividades interactivas.<\/p>\n<p>El proyecto, a\u00fan en fase de desarrollo, contar\u00e1 con la colaboraci\u00f3n de docentes para multiplicar el alcance de esta iniciativa, preparando a las futuras generaciones para un uso m\u00e1s consciente y sostenible de los recursos energ\u00e9ticos.<\/p>\n<p>[\/et_pb_text][\/et_pb_column][et_pb_column type=\u00bb2_5&#8243; _builder_version=\u00bb4.27.0&#8243; _module_preset=\u00bbdefault\u00bb global_colors_info=\u00bb{}\u00bb][et_pb_image src=\u00bbhttps:\/\/www.secheep.gob.ar\/wp-content\/uploads\/2024\/08\/electro-y-perrito.png\u00bb title_text=\u00bbelectro y perrito\u00bb align=\u00bbcenter\u00bb _builder_version=\u00bb4.27.0&#8243; _module_preset=\u00bbdefault\u00bb width=\u00bb78%\u00bb global_colors_info=\u00bb{}\u00bb][\/et_pb_image][\/et_pb_column][\/et_pb_row][et_pb_row column_structure=\u00bb1_2,1_2&#8243; _builder_version=\u00bb4.27.0&#8243; _module_preset=\u00bbdefault\u00bb custom_padding=\u00bb14px||||false|false\u00bb global_colors_info=\u00bb{}\u00bb][et_pb_column type=\u00bb1_2&#8243; _builder_version=\u00bb4.27.0&#8243; _module_preset=\u00bbdefault\u00bb global_colors_info=\u00bb{}\u00bb][et_pb_text _builder_version=\u00bb4.27.0&#8243; _module_preset=\u00bbdefault\u00bb text_font=\u00bb&#8211;et_global_body_font||||||||\u00bb text_text_color=\u00bb#FFFFFF\u00bb header_font=\u00bbKanit|700|||||||\u00bb header_text_color=\u00bb#FFFFFF\u00bb global_colors_info=\u00bb{}\u00bb]<\/p>\n<h1><strong>Objetivos del Programa en la Escuela:<\/strong><\/h1>\n<p><strong><\/strong><\/p>\n<ul>\n<li>Ense\u00f1ar a los estudiantes y a la comunidad educativa sobre el proceso de producci\u00f3n, transporte y distribuci\u00f3n de la energ\u00eda el\u00e9ctrica.<\/li>\n<li>Reconocer la importancia de la electricidad y su impacto ambiental, diferenciando entre recursos renovables y no renovables.<\/li>\n<li>Fomentar h\u00e1bitos de consumo consciente y responsable de la electricidad.<\/li>\n<li>Promover el uso seguro de la electricidad y la prevenci\u00f3n de accidentes.<\/li>\n<li>Convertir a los estudiantes en agentes divulgadores de estos conocimientos en sus entornos sociales.<\/li>\n<\/ul>\n<p>[\/et_pb_text][\/et_pb_column][et_pb_column type=\u00bb1_2&#8243; _builder_version=\u00bb4.27.0&#8243; _module_preset=\u00bbdefault\u00bb global_colors_info=\u00bb{}\u00bb][et_pb_text _builder_version=\u00bb4.27.0&#8243; _module_preset=\u00bbdefault\u00bb text_font=\u00bb&#8211;et_global_body_font||||||||\u00bb text_text_color=\u00bb#FFFFFF\u00bb header_font=\u00bbKanit|700|||||||\u00bb header_text_color=\u00bb#FFFFFF\u00bb global_colors_info=\u00bb{}\u00bb]<\/p>\n<h1 class=\"p1\"><strong>Enfoque did\u00e1ctico destinado al Nivel Primario<\/strong><\/h1>\n<p class=\"p1\">La presencia de Secheep en las aulas, principalmente en el nivel primario, parte de que el \u00e1mbito escolar es un <strong>agente multiplicador de saberes.<\/strong> En las escuelas, los chicos tienen la posibilidad de adquirir herramientas necesarias para convertirse en <strong>sujetos responsables de sus actos (frente a s\u00ed mismos y a los otros),<\/strong> a partir de experiencias vividas a lo largo de sus a\u00f1os de formaci\u00f3n.<\/p>\n<p>[\/et_pb_text][\/et_pb_column][\/et_pb_row][\/et_pb_section][et_pb_section fb_built=\u00bb1&#8243; admin_label=\u00bbSection\u00bb _builder_version=\u00bb4.27.0&#8243; _module_preset=\u00bbdefault\u00bb background_color=\u00bb#4b579f\u00bb da_disable_devices=\u00bboff|off|off\u00bb global_colors_info=\u00bb{}\u00bb da_is_popup=\u00bboff\u00bb da_exit_intent=\u00bboff\u00bb da_has_close=\u00bbon\u00bb da_alt_close=\u00bboff\u00bb da_dark_close=\u00bboff\u00bb da_not_modal=\u00bbon\u00bb da_is_singular=\u00bboff\u00bb da_with_loader=\u00bboff\u00bb da_has_shadow=\u00bbon\u00bb][et_pb_row _builder_version=\u00bb4.27.0&#8243; _module_preset=\u00bbdefault\u00bb global_colors_info=\u00bb{}\u00bb][et_pb_column type=\u00bb4_4&#8243; _builder_version=\u00bb4.27.0&#8243; _module_preset=\u00bbdefault\u00bb global_colors_info=\u00bb{}\u00bb][et_pb_text _builder_version=\u00bb4.27.0&#8243; _module_preset=\u00bbdefault\u00bb text_font=\u00bbKanit|800|||||||\u00bb text_text_color=\u00bb#FFFFFF\u00bb text_font_size=\u00bb26px\u00bb header_font=\u00bbKanit|300|||||||\u00bb header_text_color=\u00bb#FFFFFF\u00bb header_font_size=\u00bb17px\u00bb header_6_font=\u00bbKanit|300|||||||\u00bb header_6_text_color=\u00bb#FFFFFF\u00bb header_6_font_size=\u00bb22px\u00bb header_6_line_height=\u00bb1.5em\u00bb text_font_size_tablet=\u00bb26px\u00bb text_font_size_phone=\u00bb23px\u00bb text_font_size_last_edited=\u00bbon|desktop\u00bb header_font_size_tablet=\u00bb17px\u00bb header_font_size_phone=\u00bb12px\u00bb header_font_size_last_edited=\u00bbon|phone\u00bb header_6_font_size_tablet=\u00bb22px\u00bb header_6_font_size_phone=\u00bb18px\u00bb header_6_font_size_last_edited=\u00bbon|phone\u00bb global_colors_info=\u00bb{}\u00bb]<\/p>\n<p style=\"text-align: left;\">MODULO 1<\/p>\n<h6 style=\"text-align: left;\">Generaci\u00f3n, Transporte y Distribuci\u00f3n de la Energ\u00eda\u26a1<\/h6>\n<p>[\/et_pb_text][et_pb_code _builder_version=\u00bb4.27.0&#8243; _module_preset=\u00bbdefault\u00bb global_colors_info=\u00bb{}\u00bb]<\/p>\n<div style=\"position: relative; width: 100%; height: 0; padding-top: 56.2500%;<!-- [et_pb_line_break_holder] --> padding-bottom: 0; box-shadow: 0 2px 8px 0 rgba(63,69,81,0.16); margin-top: 1.6em; margin-bottom: 0.9em; overflow: hidden;<!-- [et_pb_line_break_holder] --> border-radius: 8px; will-change: transform;\u00bb><!-- [et_pb_line_break_holder] -->  <iframe loading=\"lazy\" style=\"position: absolute; width: 100%; height: 100%; top: 0; left: 0; border: none; padding: 0;margin: 0;\"<!-- [et_pb_line_break_holder] -->    src=\u00bbhttps:\/\/www.canva.com\/design\/DAGHLge5KLg\/GdDq6D1zy52n6j3NXZ3MMw\/view?embed\u00bb allowfullscreen=\u00bballowfullscreen\u00bb allow=\u00bbfullscreen\u00bb><!-- [et_pb_line_break_holder] -->  <\/iframe><!-- [et_pb_line_break_holder] --><\/div>\n<p><!-- [et_pb_line_break_holder] --><a href=\"https:\/\/www.canva.com\/design\/DAGHLge5KLg\/GdDq6D1zy52n6j3NXZ3MMw\/view?utm_content=DAGHLge5KLg&#038;utm_campaign=designshare&#038;utm_medium=embeds&#038;utm_source=link\" target=\"_blank\" rel=\"noopener\">[\/et_pb_code][\/et_pb_column][\/et_pb_row][et_pb_row disabled_on=\u00bboff|off|off\u00bb _builder_version=\u00bb4.27.2&#8243; _module_preset=\u00bbdefault\u00bb locked=\u00bboff\u00bb global_colors_info=\u00bb{}\u00bb][et_pb_column type=\u00bb4_4&#8243; _builder_version=\u00bb4.27.2&#8243; _module_preset=\u00bbdefault\u00bb global_colors_info=\u00bb{}\u00bb][et_pb_text _builder_version=\u00bb4.27.2&#8243; _module_preset=\u00bbdefault\u00bb text_text_color=\u00bb#FFFFFF\u00bb hover_enabled=\u00bb0&#8243; global_colors_info=\u00bb{}\u00bb sticky_enabled=\u00bb0&#8243;]<\/p>\n<h1 class=\"p1\"><span style=\"color: #ffffff;\">\u00bfQuer\u00e9s que \u00abEl Viaje de la Energ\u00eda\u00bb llegue a tu escuela? \ud83d\udcda\ud83c\udf92<\/span><\/h1>\n<p class=\"p1\">Inscribite a trav\u00e9s del formulario y asegur\u00e1 tu visita para el <strong>ciclo lectivo 2025.<\/strong><\/p>\n<p>[\/et_pb_text][et_pb_text _builder_version=\u00bb4.27.2&#8243; _module_preset=\u00bbdefault\u00bb global_colors_info=\u00bb{}\u00bb]<iframe loading=\"lazy\" width=\"1280px\" height=\"1000px\" src=\"https:\/\/forms.office.com\/r\/4L1PPk4ZSf=true\" frameborder=\"0\" marginwidth=\"0\" marginheight=\"0\" style=\"border: none; max-width: 100%; max-height: 100vh;\" allowfullscreen=\"\" webkitallowfullscreen=\"\" mozallowfullscreen=\"\" msallowfullscreen=\"\"> <\/iframe>[\/et_pb_text][\/et_pb_column][\/et_pb_row][\/et_pb_section]<\/p>\n","protected":false},"excerpt":{"rendered":"<p>En Secheep estamos desarrollando el programa \u201cChaco Energ\u00e9tico y Sustentable\u201d, una iniciativa destinada a promover el uso responsable de la energ\u00eda el\u00e9ctrica y la conciencia ambiental en la provincia. En su primera etapa, el proyecto incluye el Programa Educativo \u201cEl Viaje de la Energ\u00eda\u201d, que se implementar\u00e1 en las escuelas de la provincia del Chaco. [&hellip;]<\/p>\n","protected":false},"author":9,"featured_media":0,"parent":0,"menu_order":0,"comment_status":"closed","ping_status":"closed","template":"","meta":{"_et_pb_use_builder":"on","_et_pb_old_content":"","_et_gb_content_width":"","_joinchat":[]},"_links":{"self":[{"href":"https:\/\/www.secheep.gob.ar\/index.php?rest_route=\/wp\/v2\/pages\/7623"}],"collection":[{"href":"https:\/\/www.secheep.gob.ar\/index.php?rest_route=\/wp\/v2\/pages"}],"about":[{"href":"https:\/\/www.secheep.gob.ar\/index.php?rest_route=\/wp\/v2\/types\/page"}],"author":[{"embeddable":true,"href":"https:\/\/www.secheep.gob.ar\/index.php?rest_route=\/wp\/v2\/users\/9"}],"replies":[{"embeddable":true,"href":"https:\/\/www.secheep.gob.ar\/index.php?rest_route=%2Fwp%2Fv2%2Fcomments&post=7623"}],"version-history":[{"count":19,"href":"https:\/\/www.secheep.gob.ar\/index.php?rest_route=\/wp\/v2\/pages\/7623\/revisions"}],"predecessor-version":[{"id":7866,"href":"https:\/\/www.secheep.gob.ar\/index.php?rest_route=\/wp\/v2\/pages\/7623\/revisions\/7866"}],"wp:attachment":[{"href":"https:\/\/www.secheep.gob.ar\/index.php?rest_route=%2Fwp%2Fv2%2Fmedia&parent=7623"}],"curies":[{"name":"wp","href":"https:\/\/api.w.org\/{rel}","templated":true}]}}