{"id":693,"date":"2020-11-06T01:53:28","date_gmt":"2020-11-06T04:53:28","guid":{"rendered":"http:\/\/new.secheep.com\/?page_id=693"},"modified":"2024-10-21T14:33:39","modified_gmt":"2024-10-21T17:33:39","slug":"historia-de-la-energia-en-el-chaco","status":"publish","type":"page","link":"https:\/\/www.secheep.gob.ar\/?page_id=693","title":{"rendered":"Historia de la Energ\u00eda en el Chaco"},"content":{"rendered":"<p>[et_pb_section fb_built=\u00bb1&#8243; fullwidth=\u00bbon\u00bb admin_label=\u00bbPage Header\u00bb _builder_version=\u00bb4.16&#8243; use_background_color_gradient=\u00bbon\u00bb background_color_gradient_stops=\u00bb#00a328 0%|rgba(19,164,56,0.49) 100%\u00bb background_color_gradient_start=\u00bb#00a328&#8243; background_color_gradient_end=\u00bbrgba(19,164,56,0.49)\u00bb background_image=\u00bbhttp:\/\/new.secheep.com\/wp-content\/uploads\/2020\/11\/potada1.jpg\u00bb background_position=\u00bbtop_left\u00bb top_divider_color=\u00bbrgba(19,165,56,0.75)\u00bb top_divider_height=\u00bb45px\u00bb top_divider_style_tablet=\u00bb\u00bb top_divider_style_phone=\u00bb\u00bb top_divider_style_last_edited=\u00bbon|desktop\u00bb bottom_divider_color=\u00bbrgba(18,104,179,0.88)\u00bb global_colors_info=\u00bb{}\u00bb da_is_popup=\u00bboff\u00bb da_exit_intent=\u00bboff\u00bb da_has_close=\u00bbon\u00bb da_alt_close=\u00bboff\u00bb da_dark_close=\u00bboff\u00bb da_not_modal=\u00bbon\u00bb da_is_singular=\u00bboff\u00bb da_with_loader=\u00bboff\u00bb da_has_shadow=\u00bbon\u00bb da_disable_devices=\u00bboff|off|off\u00bb][et_pb_fullwidth_header title=\u00bbHistoria de la Energ\u00eda en el Chaco\u00bb text_orientation=\u00bbcenter\u00bb admin_label=\u00bbHero Section\u00bb _builder_version=\u00bb4.16&#8243; title_font=\u00bbMontserrat Alternates|600|||||||\u00bb title_text_align=\u00bbcenter\u00bb title_font_size=\u00bb56px\u00bb title_line_height=\u00bb1.2em\u00bb content_font_size=\u00bb22px\u00bb content_line_height=\u00bb1.8em\u00bb subhead_font=\u00bb||||\u00bb background_enable_color=\u00bboff\u00bb custom_button_one=\u00bbon\u00bb button_one_text_size=\u00bb16px\u00bb button_one_bg_color=\u00bb#6eba01&#8243; button_one_border_width=\u00bb2px\u00bb button_one_border_color=\u00bb#6eba01&#8243; button_one_border_radius=\u00bb0&#8243; button_one_letter_spacing=\u00bb2&#8243; button_one_font=\u00bbMontserrat|||on|\u00bb button_one_use_icon=\u00bboff\u00bb custom_button_two=\u00bbon\u00bb button_two_text_size=\u00bb16px\u00bb button_two_border_width=\u00bb2px\u00bb button_two_border_color=\u00bb#ffffff\u00bb button_two_border_radius=\u00bb0&#8243; button_two_letter_spacing=\u00bb2&#8243; button_two_font=\u00bbMontserrat|||on|\u00bb button_two_use_icon=\u00bboff\u00bb module_alignment=\u00bbleft\u00bb custom_margin=\u00bb||1px|||\u00bb custom_padding=\u00bb85px||78px|||\u00bb animation_style=\u00bbfade\u00bb button_one_text_color_hover=\u00bb#6eba01&#8243; button_two_text_color_hover=\u00bb#6eba01&#8243; button_one_border_color_hover=\u00bb#ffffff\u00bb button_two_border_color_hover=\u00bb#ffffff\u00bb button_one_border_radius_hover=\u00bb0&#8243; button_two_border_radius_hover=\u00bb0&#8243; button_one_letter_spacing_hover=\u00bb2&#8243; button_two_letter_spacing_hover=\u00bb2&#8243; button_one_bg_color_hover=\u00bb#ffffff\u00bb button_two_bg_color_hover=\u00bb#ffffff\u00bb global_colors_info=\u00bb{}\u00bb button_one_text_size__hover_enabled=\u00bboff\u00bb button_two_text_size__hover_enabled=\u00bboff\u00bb button_one_text_color__hover_enabled=\u00bbon\u00bb button_one_text_color__hover=\u00bb#6eba01&#8243; button_two_text_color__hover_enabled=\u00bbon\u00bb button_two_text_color__hover=\u00bb#6eba01&#8243; button_one_border_width__hover_enabled=\u00bboff\u00bb button_two_border_width__hover_enabled=\u00bboff\u00bb button_one_border_color__hover_enabled=\u00bbon\u00bb button_one_border_color__hover=\u00bb#ffffff\u00bb button_two_border_color__hover_enabled=\u00bbon\u00bb button_two_border_color__hover=\u00bb#ffffff\u00bb button_one_border_radius__hover_enabled=\u00bbon\u00bb button_one_border_radius__hover=\u00bb0&#8243; button_two_border_radius__hover_enabled=\u00bbon\u00bb button_two_border_radius__hover=\u00bb0&#8243; button_one_letter_spacing__hover_enabled=\u00bbon\u00bb button_one_letter_spacing__hover=\u00bb2&#8243; button_two_letter_spacing__hover_enabled=\u00bbon\u00bb button_two_letter_spacing__hover=\u00bb2&#8243; button_one_bg_color__hover_enabled=\u00bbon\u00bb button_one_bg_color__hover=\u00bb#ffffff\u00bb button_two_bg_color__hover_enabled=\u00bbon\u00bb button_two_bg_color__hover=\u00bb#ffffff\u00bb][\/et_pb_fullwidth_header][\/et_pb_section][et_pb_section fb_built=\u00bb1&#8243; _builder_version=\u00bb4.27.2&#8243; _module_preset=\u00bbdefault\u00bb hover_enabled=\u00bb0&#8243; global_colors_info=\u00bb{}\u00bb disabled_on=\u00bbon|on|on\u00bb disabled=\u00bbon\u00bb sticky_enabled=\u00bb0&#8243; da_is_popup=\u00bboff\u00bb da_exit_intent=\u00bboff\u00bb da_has_close=\u00bbon\u00bb da_alt_close=\u00bboff\u00bb da_dark_close=\u00bboff\u00bb da_not_modal=\u00bbon\u00bb da_is_singular=\u00bboff\u00bb da_with_loader=\u00bboff\u00bb da_has_shadow=\u00bbon\u00bb da_disable_devices=\u00bboff|off|off\u00bb][et_pb_row _builder_version=\u00bb4.25.1&#8243; _module_preset=\u00bbdefault\u00bb global_colors_info=\u00bb{}\u00bb][et_pb_column type=\u00bb4_4&#8243; _builder_version=\u00bb4.25.1&#8243; _module_preset=\u00bbdefault\u00bb global_colors_info=\u00bb{}\u00bb][et_pb_code _builder_version=\u00bb4.25.1&#8243; _module_preset=\u00bbdefault\u00bb background_color=\u00bb#51BDBC\u00bb text_orientation=\u00bbcenter\u00bb global_colors_info=\u00bb{}\u00bb]<iframe width=\"640px\" height= \"480px\" src= \"https:\/\/forms.office.com\/Pages\/ResponsePage.aspx?id=u4484K_a5UaR3r8W0opWUjsSY46eawtMnfMn4j68HTBUNDFJWkJTVVNWNVkwS1dDSFZMOU5ONlEzSy4u&#038;embed=true\" frameborder= \"0\" marginwidth= \"0\" marginheight= \"0\" style= \"border: none; max-width:100%; max-height:100vh\" allowfullscreen webkitallowfullscreen mozallowfullscreen msallowfullscreen> <\/iframe>[\/et_pb_code][\/et_pb_column][\/et_pb_row][\/et_pb_section][et_pb_section fb_built=\u00bb1&#8243; _builder_version=\u00bb4.16&#8243; _module_preset=\u00bbdefault\u00bb top_divider_color=\u00bb#1268b3&#8243; top_divider_height=\u00bb50px\u00bb bottom_divider_style=\u00bbramp2&#8243; bottom_divider_color=\u00bb#1268b3&#8243; bottom_divider_height=\u00bb50px\u00bb bottom_divider_flip=\u00bbhorizontal\u00bb global_colors_info=\u00bb{}\u00bb da_is_popup=\u00bboff\u00bb da_exit_intent=\u00bboff\u00bb da_has_close=\u00bbon\u00bb da_alt_close=\u00bboff\u00bb da_dark_close=\u00bboff\u00bb da_not_modal=\u00bbon\u00bb da_is_singular=\u00bboff\u00bb da_with_loader=\u00bboff\u00bb da_has_shadow=\u00bbon\u00bb da_disable_devices=\u00bboff|off|off\u00bb][et_pb_row _builder_version=\u00bb4.16&#8243; _module_preset=\u00bbdefault\u00bb custom_margin=\u00bb35px||||false|false\u00bb custom_padding=\u00bb|15px||15px|false|false\u00bb border_radii=\u00bbon|25px|25px|25px|25px\u00bb border_width_all=\u00bb1px\u00bb border_color_all=\u00bb#dddddd\u00bb box_shadow_style=\u00bbpreset3&#8243; global_colors_info=\u00bb{}\u00bb][et_pb_column type=\u00bb4_4&#8243; _builder_version=\u00bb4.16&#8243; _module_preset=\u00bbdefault\u00bb global_colors_info=\u00bb{}\u00bb][et_pb_text _builder_version=\u00bb4.16&#8243; _module_preset=\u00bbdefault\u00bb text_font=\u00bbMontserrat||||||||\u00bb text_font_size=\u00bb14px\u00bb min_height=\u00bb5415px\u00bb global_colors_info=\u00bb{}\u00bb]<\/p>\n<p>El servicio electroenerg\u00e9tico de la Provincia del Chaco es iniciado por las Empresas Privadas; nuestro primer antecedente se remonta al siglo antepasado (1885), en la localidad de Las Palmas donde el Ingenio Azucarero de este lugar inaugura un Servicio de Energ\u00eda El\u00e9ctrica al dar comienzo la molienda en 1885 y extiende dicha electrificaci\u00f3n desde el establecimiento fabril hasta el asentamiento poblacional, convirtiendo de esa manera a dicha poblaci\u00f3n, en la segunda localidad de la Rep\u00fablica Argentina que tuvo Luz El\u00e9ctrica, despu\u00e9s de la Ciudad de La Plata, que contaba con ese servicio desde 1883. El motor que mov\u00eda el generador, fue fabricado en Glasgow (Escocia) y tiene estampado en su superficie ela\u00f1o 1885.<\/p>\n<p><img loading=\"lazy\" src=\"http:\/\/new.secheep.com\/wp-content\/uploads\/2020\/11\/historia-ee-chaco1.png\" width=\"304\" height=\"224\" alt=\"\" class=\"wp-image-698 alignnone size-full\" style=\"display: block; margin-left: auto; margin-right: auto;\" \/><\/p>\n<p style=\"text-align: justify;\">\n<p style=\"text-align: justify;\">\n<p style=\"text-align: justify;\">\n<p style=\"text-align: justify;\">Seis a\u00f1os m\u00e1s tarde, el 31 de agosto de 1891, el Honorable Consejo Municipal aprob\u00f3 el contrato celebrado por la Municipalidad de Resistencia con el Sr. Antonio Anello para establecer el servicio de Alumbrado P\u00fablico, exclusivamente (es decir que no se hac\u00eda extensi\u00f3n al suministro domiciliario).<\/p>\n<p style=\"text-align: justify;\">El 5 de enero de 1903 se inaugura en la Plaza Central de Resistencia el primer Alumbrado a gas, que despu\u00e9s se hizo extensivo a las calles c\u00e9ntricas de la Ciudad y fue instalado por el empresario Carlos Dodero, quien tuvo preponderante actuaci\u00f3n en el desarrollo del servicio electroenerg\u00e9tico de la Provincia.<\/p>\n<p style=\"text-align: justify;\">El 15 de mayo de 1907, por Resoluci\u00f3n del Consejo Municipal de Resistencia se llama a Licitaci\u00f3n para instalar el primer Servicio P\u00fablico de Alumbrado El\u00e9ctrico que posterior\u00admente se adjudica en la Empresa de Carlos Dodero. El 18 de julio de ese mismo a\u00f1o, comienza a funcionar la primer Usina de Resistencia, en el mismo predio que hoy funcionan las oficinas de S.E.CH.E.E.P Dicha Usina estaba accionada por un motor de fabricaci\u00f3n alemana marca \u201cOtto Wulf\u201d.<\/p>\n<p style=\"text-align: justify;\">El 17 de noviembre de 1908, por Convenio entre la Municipalidad de Resistencia con la Sociedad \u201cFerrocarril Rural y Puerto Barranqueras\u201d presidida por Carlos Dodero, se acord\u00f3 la instalaci\u00f3n de un servicio de electricidad domiciliario en la Ciudad Capital, porque hasta esa fecha el servicio estaba circunscripto espec\u00edficamente al Alumbrado P\u00fablico.<\/p>\n<p style=\"text-align: justify;\">El 25 de abril de 1909, se inaugura oficialmente la Usina de suministro de Energ\u00eda El\u00e9ctrica domiciliaria a la Ciudad de Resistencia con la asistencia del Gobernador Don Gregorio L\u00f3pez.<\/p>\n<p style=\"text-align: justify;\">Esta prestaci\u00f3n se mantiene tal cual hasta que el 1\u00b0 de agosto de 1925 por Ordenanza Municipal la Municipalidad de Resistencia otorga la concesi\u00f3n del servicio a la \u201cCompa\u00f1\u00eda Anglo-Argentina de Electricidad\u201d por el t\u00e9rmino de treinta y cinco a\u00f1os, la que luego es transferida al consorcio norteamericano E.B.A.S.C.O.; y es cuando cambia su denominaci\u00f3n por la de Compa\u00f1\u00eda de Electricidad del Este Argentino S.A. (C.E.E.A.), que presta los servicios hasta el 28 de noviembre de 1958, fecha en que se hace cargo de dicha prestaci\u00f3n la Empresa Nacional Agua y Energ\u00eda El\u00e9ctrica, como consecuencia de la nacionalizaci\u00f3n de Prestatarias de Servicios.<\/p>\n<p style=\"text-align: justify;\">En el interior de la Provincia, el servicio de energ\u00eda tuvo sus inicios a trav\u00e9s del Ejercito Argentino, mediante la iniciativa del Comandante Fern\u00e1ndez, quien, encomend\u00f3 al Cabo Domingo Maracci, la instalaci\u00f3n de un motor y d\u00ednamo tra\u00eddo de la localidad de Fort\u00edn Tostado (Santa Fe), el cual dotaba de energ\u00eda el\u00e9ctrica al cuartel y a su vez de alumbrado p\u00fablico a algunas calles de Pcia. Roque S\u00e1enz Pe\u00f1a. El 12 de octubre de 1.912 se inaugur\u00f3 con luz el\u00e9ctrica el kiosko de la banda de m\u00fasica en la plaza principal. En el a\u00f1o 1.925 por Licitaci\u00f3n de la Municipalidad el empresario local, Don Enrique ESTATUET, adquiere la prestaci\u00f3n de los servicios el\u00e9ctricos, y construye en calle 10 entre 11 y 13 la primera usina el\u00e9ctrica de la localidad, posibilitando el suministro de energ\u00eda el\u00e9ctrica domiciliaria. Posteriormente, en el a\u00f1o 1.925 Don ESTATUET vende a la Compa\u00f1\u00eda Suizo Argentina de Electricidad, las infraes\u00adtructuras. El 5 de septiembre de 1930 se le acord\u00f3 mediante Resoluci\u00f3n Gubernativa, la instalaci\u00f3n de una red radial que cubr\u00eda cuatro importantes localidades de la Provincia a lo largo de sesenta kil\u00f3metros: Presidencia Roque S\u00e1enz Pe\u00f1a, Quitilipi, Machagai y Presidencia de la Plaza.<\/p>\n<p style=\"text-align: justify;\"><span style=\"font-size: 17px;\">Como consecuencia de la Ley Nacional N\u00b0 15336, el servicio perteneciente a la Compa\u00f1\u00eda Suizo Argentino de Electricidad, se transfiere sin cargo a la Provincia, dando lugar a la creaci\u00f3n de la Empresa Provincial de Electricidad del Chaco (E.PE.CH.) Sociedad de Econom\u00eda Mixta, quien, juntamente con treinta y dos instituciones cooperativas y algunos servicios municipales, realizan la prestaci\u00f3n del servicio el\u00e9ctrico urbano en todo el interior provincial desde el 21 de agosto de 1962. Como consecuencia de lo antes expresado el Gobierno de la Provincia, constituy\u00f3 EMPRESA PROVINCIAL DE ENERG\u00cdA DEL CHACO (E.PE.CH.): por Decreto 2312\/62, cuya ADMINISTRACI\u00d3N CENTRAL funcionaba en Manuel Belgrano N\u00b0 502 \u2013 Pcia Roque S\u00e1enz Pe\u00f1a, con USINAS en Pcia R. S\u00e1enz Pe\u00f1a \u2013 Charata Quitilipi y SUBUSINAS en Gral Pinedo \u2013 Las Bre\u00f1as \u2013 Corzuela \u2013 Campo Largo \u2013 Machagai \u2013 Pcia de La Plaza \u2013 Napalpi. El 11 de mayo de 1972, se crea por medio del Decreto Ley N\u00b0 1127 la Direcci\u00f3n General de Energ\u00eda del Chaco (Di.G.E.CH.) entidad conforma\u00adda por un Sector a cargo de Obras Electroenerg\u00e9ticas (con asiento en Resistencia) y un Sector encargado de la prestaci\u00f3n del Servicio El\u00e9ctrico con sede central en Presidencia Roque S\u00e1enz Pe\u00f1a para todo el interior provincial, coexistiendo con las entidades cooperativas que siguieron atendiendo la prestaci\u00f3n del servicio en algunas poblaciones del interior.<\/span><\/p>\n<p>&nbsp;<\/p>\n<h3><strong>PRIMER DIRECTORIO PROVISORIO<br \/> <\/strong><\/h3>\n<p style=\"text-align: justify;\">Designado por Decreto Provincial N\u00b0 2327 \u2013 A\u00f1o 1962 \u2013 Presidente Ing. ASELLE, Joaqu\u00edn M. -Vice Presidente JAROLAVSKI, Marcos \u2013 Vice Presidente 2\u00b0 KOHANOFF, Naum \u2013 Secretario DERKA, Silvio \u2013 Directores Titulares: Sres Aldo E. Gennaro y Diotino Mazzola, S\u00edndico Titular Dr. Ra\u00fal L\u00f3pez Bandera, de esta comienza la formaci\u00f3n de la Empresa E.PE.CH. Firman este Decreto Provincial el Sr. Castelan D. Uva.<\/p>\n<p style=\"text-align: justify;\">El 25 de noviembre del 1961, por contrato firmado, ad referendum del Poder Ejecutivo Nacional, entre la Secretar\u00eda de Estado de Energ\u00eda y Combustibles y los Accionistas de la Compa\u00f1\u00eda Suizo \u2013 Argentina de Electricidad S.A., \u00e9stos venden al Gobierno de la Naci\u00f3n el total del capital accionario, comprendiendo el activo de la Sociedad, todos los bienes muebles, inmuebles \u00e9 instalaciones de propiedad de la citada, afectando directamente a la producci\u00f3n, transformaci\u00f3n, distribuci\u00f3n y venta de energ\u00eda el\u00e9ctrica, etc. destinados a servir a las distintas poblacio\u00adnes de la Provincia, siendo estas: Pcia Roque S\u00e1enz Pe\u00f1a \u2013 Quitilipi \u2013 Napalpi \u2013 Machagai \u2013 Pcia de la Plaza \u2013 Charata \u2013 Gral Pinedo \u2013 Las Bre\u00f1as \u2013 Corzuela y Campo Largo.<\/p>\n<p style=\"text-align: justify;\">Se inclu\u00eda en esta venta la existencia de Materiales, Combustibles, Lubricantes, Repuestos de Almacenes y Dep\u00f3sitos, lo que se aprueba por ^ H\u00a0\u00a0 Decreto Nacional N\u00b0 6469\/62.<\/p>\n<p style=\"text-align: justify;\">Con fecha 08 de agosto de 1962, se firma un contrato con la Naci\u00f3n, representada por el Sr Subsecretario de Energ\u00eda y Combustibles y el Gobierno del Chaco, y de acuerdo a las consideraciones de los respectivos Decretos Nacionales N\u00b0 2021 y N\u00b0 6469\/62, la Naci\u00f3n transfiere a la Provincia, todos los bienes de propiedad de la Ex Compa\u00f1\u00eda Suizo-Argentina de Electricidad S.A., afectados a la prestaci\u00f3n de servicios de electricidad en las localidades mencionadas m\u00e1s arriba. La transferencia de estos bienes, se realiz\u00f3 sin cargo de reembolso por parte de la Provincia y se estableci\u00f3 que la misma toma a su cargo y por su cuenta, la prestaci\u00f3n del Servicio P\u00fablico a partir del 1\u00b0 de septiembre de 1962, haci\u00e9ndose cargo tambi\u00e9n la Provincia, del personal afectado al servicio, reconoci\u00e9ndoles las remuneraciones y antig\u00fcedades que gozaban con todas las obligaciones y responsabilidades, conforme a las Leyes y Contratos de Trabajo emergentes.<\/p>\n<p style=\"text-align: justify;\">Cabe agregar adem\u00e1s, que el Contrato fue ratificado por Decreto Ley N\u00b0 1235, del 21 de agosto de 1962, del Poder Ejecutivo Provincial.<\/p>\n<p style=\"text-align: justify;\">En consecuencia, desde el 12 de septiembre de 1962, la Provincia tomo a su cargo la prestaci\u00f3n de este servicio, constituyendo para este fin la Empresa Provincial de Energ\u00eda del Chaco, design\u00e1ndose en principio un triunvirato para su administraci\u00f3n. Dicha situaci\u00f3n, se mantuvo hasta el d\u00eda 18 de diciembre de 1962, en que por Decreto Ley N\u00b0 2312, se aprueban los Estatutos, denomin\u00e1ndose Empresa Provincial de Energ\u00eda del Chaco (E.PE.CH.), Sociedad de Econom\u00eda Mixta, rigi\u00e9ndose por las disposiciones de dicho Decreto Ley, conforme a lo dispuesto por los Art\u00edculos 17\u00b0 y 46\u00b0, de los Estatutos. Por Decreto N\u00b0 2327, del 19 de diciembre de 1962, es designado el Primer Directorio Provisorio, asign\u00e1ndo\u00adles retribuciones por asistencia a reuniones.<\/p>\n<p>&nbsp;<\/p>\n<h3><span class=\"content_table\"><strong class=\"componentheading\">ASPECTOS ADMINISTRATIVOS Y T\u00c9CNICOS<br \/> <\/strong><\/span><\/h3>\n<p style=\"text-align: justify;\">El 22 de diciembre de 1962, se pone en posesi\u00f3n de cargos al Directorio Provisorio y de inmediato tuvo que abocarse a urgentes tareas de Organizaci\u00f3n en lo referente a la parte Administrativa -T\u00e9cnica de la nueva Empresa.<\/p>\n<p style=\"text-align: justify;\">Facturaci\u00f3n: De los consumos mensuales se segu\u00eda realizando en la Ciudad de Buenos Aires (desde el 1 \u00b0 de septiembre de 1962), se enviaban peri\u00f3dicamente las lecturas de medidores a tal fin, por cuanto la Compa\u00f1\u00eda Suizo-Argentina, hab\u00eda facilitado sus oficinas, personal y elementos de trabajo hasta tanto se pudiera realizar la Facturaci\u00f3n localmente. El primer \u00abpaso fue Organizar la Secci\u00f3n Facturaci\u00f3n, en la Ciudad de Presidencia Roque S\u00e1enz Pe\u00f1a, Administraci\u00f3n Central, adquiri\u00e9ndose una serie de m\u00e1quinas, fichas, ficheros y personal id\u00f3neo para dicho trabajo, logr\u00e1ndose esto en breve plazo, por cuanto no se deb\u00eda atrasar la cobranza para no resentir la marcha de la Empresa, ni crear perjuicios a los usuarios al acumularse facturas.<\/p>\n<p style=\"text-align: justify;\"><img loading=\"lazy\" class=\"size-full wp-image-217 alignleft\" src=\"http:\/\/www.secheep.com.ar\/web\/wp-content\/uploads\/2016\/05\/historia-ee-chaco4.png\" alt=\"historia-ee-chaco4\" width=\"323\" height=\"209\" srcset=\"http:\/\/www.secheep.gov.ar\/wp-content\/uploads\/2016\/05\/historia-ee-chaco4.png 323w, http:\/\/www.secheep.gov.ar\/wp-content\/uploads\/2016\/05\/historia-ee-chaco4-300x194.png 300w\" sizes=\"(max-width: 323px) 100vw, 323px\" \/>Tambi\u00e9n, fue necesario formar la Secci\u00f3n Contable, de la cual se carec\u00eda detect\u00e1ndose que las Usinas fueron transferidas en pleno funcionamiento con una Administraci\u00f3n centralizada en la Capital Federal, que cesaba y se desvinculaba en su cometido, siendo esta una tarea ardua, no solo en lo que se refiere a encontrar la persona apta para designar como Jefe de Secci\u00f3n, que seria el que reflejar\u00eda la marcha econ\u00f3mica financiera de la Entidad, sino tambi\u00e9n a las disposiciones legales que hab\u00eda que cumplimentar.<\/p>\n<p>&nbsp;<\/p>\n<p style=\"text-align: justify;\">Si encarar la Organizaci\u00f3n en la faz Administrativa result\u00f3 un quehacer laborioso, no fue menos en esfuerzo e importancia la soluci\u00f3n de los problemas t\u00e9cnicos que tuvo que enfrentar el Directorio en su primer momento. El proceso de la venta de los bienes de la Ex Compa\u00f1\u00eda Suizo-Argentina S.A., se inici\u00f3 en noviembre de 1961 y se concret\u00f3 el traspaso de los Servicios el 1 \u00b0 de septiembre de 1962. Durante este lapso la Ex Compa\u00f1\u00eda Suizo-Argentina S.A., realiz\u00f3 la prestaci\u00f3n del Servicio El\u00e9ctrico sabiendo que en cualquier momento cesaban sus obligaciones; en consecuencia su inversi\u00f3n fue m\u00ednima, tendiente solamente al mantenimiento del Servicio, se utilizaron los repuestos existentes y se adquirieron los Indispensables, no realiz\u00e1ndose las provisiones necesarias y reposiciones.<\/p>\n<p style=\"text-align: justify;\">De esta forma E.RE.CH., asumi\u00f3 la responsabilidad, en el momento tal vez m\u00e1s precario y deficiente de Usinas. Si bien, la Provincia en los cuatro meses de acci\u00f3n licit\u00f3 una importante cantidad de repuestos imprescindibles, en raz\u00f3n de su n\u00famero y delicada ejecuci\u00f3n, los plazos de entrega en la mayor\u00eda eran prolongados.<\/p>\n<p style=\"text-align: justify;\">Sin embargo, paulatinamente, fueron mejorando las condiciones de funcionamiento de todos los grupos electr\u00f3genos en Servicio y se encararon las gestiones de pronta entrega de nuevos motores que estaban adjudicados para las Usinas de la Empresa. En efecto la Provincia del Chaco hab\u00eda adquirido con anterioridad, un conjunto de grupos, de los que se encontraba uno en Quitilipi y otro en Charata. Fue preocupaci\u00f3n y gesti\u00f3n del Directorio agilizar la entrega de los mismos.<\/p>\n<p style=\"text-align: justify;\">Para la tarea de instalaci\u00f3n y montaje de estos equipos se realiz\u00f3 un Concurso de Precios entre Profesionales y Empresas de la Capital Federal y el Chaco, adjudic\u00e1ndose los trabajos a la Empresa T.I.M.E. S.R.L., de la ciudad de Resistencia, fecha 05 de agosto de 1963.<\/p>\n<p style=\"text-align: justify;\">En la localidad de Quitilipi, se instal\u00f3 un grupo \u201cKoerting MWN\u201d de 840 HR 560 Kw, en reemplazo de un grupo \u201cOtto Secheron\u201d de 150 HR que fue radiado del servicio, entrando en funcionamiento el nuevo grupo, el d\u00eda 23 de diciembre de 1963. En la localidad de Charata, se ampli\u00f3 un cuerpo del edificio de la Sala de M\u00e1quinas y se instal\u00f3 un Grupo \u201cFiat GMD\u201d de 1040 HR 724 Kw, entrando en servicio el d\u00eda 11 de febrero de 1964.<\/p>\n<p>&nbsp;<\/p>\n<h3><strong>ACCI\u00d3N SOCIETARIA\u00a0<\/strong><\/h3>\n<p>Las limitaciones impuestas por el Art. N\u00b0 45 de los Estatutos, en cuanto al m\u00ednimo necesario de acciones suscritas para el llamado a la primera Asamblea Ordinaria el Directorio utiliz\u00f3 las disposiciones del Art. N\u00b0 10, a fin de impulsar la marcha de la Sociedad y para dar cumpli\u00admiento a la obligatoriedad que tiene todo usuario a ser accionista. Se dispuso as\u00ed establecer durante los cuatro primeros meses del a\u00f1o 1964 un sobreprecio del 10% del valor del Kw\/h, vendido para ser acreditado al usuario en concepto de integraci\u00f3n de Acciones, lo que conjuntamente con aportes individuales que se continuaron realizando por otros consumido\u00adres, permiti\u00f3 exceder el limite del Art. N\u00b0 45, con bastante amplitud.<\/p>\n<p><img loading=\"lazy\" class=\"aligncenter size-full wp-image-218\" src=\"http:\/\/www.secheep.com.ar\/web\/wp-content\/uploads\/2016\/05\/historia-ee-chaco5.png\" alt=\"historia-ee-chaco5\" width=\"529\" height=\"336\" srcset=\"http:\/\/www.secheep.gov.ar\/wp-content\/uploads\/2016\/05\/historia-ee-chaco5.png 529w, http:\/\/www.secheep.gov.ar\/wp-content\/uploads\/2016\/05\/historia-ee-chaco5-300x191.png 300w\" sizes=\"(max-width: 529px) 100vw, 529px\" \/><\/p>\n<p>&nbsp;<\/p>\n<h3><strong>ACCI\u00d3N FUTURA<\/strong><\/h3>\n<p style=\"text-align: justify;\">El Servicio El\u00e9ctrico, exig\u00eda permanente atenci\u00f3n y sobre todo previsi\u00f3n, considerando que E.RE.CH. serv\u00eda a una zona del Chaco densamente poblada y en constante progreso, los planes de expansi\u00f3n deb\u00edan guardar relaci\u00f3n con esa magnitud. La pr\u00f3xima instalaci\u00f3n en Presidencia Roque S\u00e1enz Pe\u00f1a, del Grupo \u201cFIAT GMD\u201d de 4400 HP, debi\u00f3 ir complementada con la interconexi\u00f3n de esta ciudad, con Quitilipi y Campo Largo, por una l\u00ednea comercial de 33.000V., para unir con una red troncal todas las localidades mantenidas por E.RE.CH., disminuyendo costos al centralizar los servicios y previendo la futura INTERCONEXI\u00d3N con la Super Usina de Barranqueras.Un nuevo Grupo FIAT de 1.200 HR, gestionado por la Usina de Charata, la reparaci\u00f3n completa y el ajuste general de todos los grupos existentes en todas las Usinas, permitieron un desenvolvimiento mas holgado.<\/p>\n<p style=\"text-align: justify;\">La renovaci\u00f3n de redes deterioradas o de secci\u00f3n insuficiente, junto con una mejor distribu\u00adci\u00f3n por medio de las Sub-Estaciones disminu\u00edan las perdidas y mejoraba la tensi\u00f3n entre Charata y General Pinedo, transformada de 3.000 V. a 33.000V, Tambi\u00e9n se estudio la posibilidad del traslado de la Usina de Presidencia Roque S\u00e1enz Pe\u00f1a a un lugar adecuado para mejor ubicaci\u00f3n y amplitud, inici\u00e1ndose las gestiones de adjudicaci\u00f3n de nuevos Grupos Electr\u00f3genos \u201cFIAT GMD\u201d de 4400 HR, que fue Licitado por la Direcci\u00f3n Nacional de Energ\u00eda y Combustible, no teniendo actualmente destino resuelto.<span>\u00a0<\/span><img loading=\"lazy\" class=\"alignright size-full wp-image-219\" src=\"http:\/\/www.secheep.com.ar\/web\/wp-content\/uploads\/2016\/05\/historia-ee-chaco6.png\" alt=\"historia-ee-chaco6\" width=\"189\" height=\"400\" srcset=\"http:\/\/www.secheep.gov.ar\/wp-content\/uploads\/2016\/05\/historia-ee-chaco6.png 189w, http:\/\/www.secheep.gov.ar\/wp-content\/uploads\/2016\/05\/historia-ee-chaco6-142x300.png 142w\" sizes=\"(max-width: 189px) 100vw, 189px\" \/>En otro aspecto, E.RE.CH., colabor\u00f3 y sigui\u00f3 haci\u00e9ndolo en el Plan Electrificaci\u00f3n Rural, en que se empe\u00f1\u00f3 el I.N.T.A., Asegurando una disponibilidad de 20-30Kw., para la ejecuci\u00f3n de un plan piloto en la Zona agr\u00edcola de Pampa<br \/> Alegr\u00eda, Pampa Florida al norte de Presidencia Roque S\u00e1enz Pe\u00f1a, donde se constituy\u00f3 la Primera Cooperativa de Electrificaci\u00f3n Rural, con la Asesor\u00eda del I.N.T.A. y colaboraci\u00f3n de E.RE.CH.<\/p>\n<p style=\"text-align: justify;\">El d\u00eda 26 de febrero de 1964, una Comisi\u00f3n Investigadora, a cargo del C.RN. Roberto Escalante, se pone en tarea de recabar un informe Contable \u2013 Administrativo, que fue derivado al Sr. Presidente del Consejo Municipal Dr. Guillermo Mendoza, a cargo de la Intendencia de esta Ciudad (R R. S. Pe\u00f1a). De dicho informe, surge que indiscutiblemente se requiere un ajuste administrativo integral, Revisi\u00f3n de su coeficiente de facturaci\u00f3n, restricciones de gastos, etc. para poder as\u00ed atender en forma mas aceptable la prestaci\u00f3n del Servicio, ya que por el estado de Maquinarias, hab\u00eda que hacer frente en el transcurso del a\u00f1o a una mayor cantidad de reparaciones, que sobrepasaba los $ 250.000.-Este informe, presentado al honorable Consejo Municipal, quien design\u00f3 una comisi\u00f3n para el estudio de la situaci\u00f3n de E.RE.CH., que integrada por los Sres. Dr. Vladimir Tenev, Escribano Guillermo Corregido y Sr. Pedro Mart\u00edn, con el informe de \u00e9sta comisi\u00f3n el Sr. Presidente del Consejo Municipal, Dr. 0. Mendoza, resuelve solicitar al Gobierno de la Provincia la Inmediata Intervenci\u00f3n de E. RE.CH.y la Derogaci\u00f3n del Decreto Ley N\u00b0 2312\/62, dicha solicitud de intervenci\u00f3n, es refrenada por Resoluci\u00f3n Municipal N\u00b0 167\/64, del 10 de marzo de 1964.<\/p>\n<p>&nbsp;<\/p>\n<p style=\"text-align: justify;\">Hacia fines del a\u00f1o 1964, se nombra Interventor de E. R E. CH., al Ing. Adolfo Sargenti, quien se aboca al trabajo de estudio t\u00e9cnico para el tendido de l\u00ednea desde Presidencia Roque S\u00e1enz Pe\u00f1a a Quitilipi, l\u00ednea comercial en 33.000 V., con el fin de unir una Red Troncal para las localidades y preveer la futura interconexi\u00f3n con la Super Usina de Barranqueras. Dicha l\u00ednea, fue comenzada a principios del a\u00f1o 1964, y construida con rieles del ferrocarril General Belgrano, adquiridos en la localidad de la Gallareta, Provincia de Santa Fe, a la firma La Forestal y C\u00eda. finalizando los trabajos de tendido a mediados del a\u00f1o 1966, luego se comenz\u00f3 con la construcci\u00f3n de la Torre (Aclaraci\u00f3n: la l\u00ednea fue hecha por la firma Montero y Cia., de Resistencia). Con fecha 17 de marzo de 1967, el Sr. Interventor Ing. Adolfo Sargenti. present\u00f3 su renuncia indeclinable, que fue aceptada por el Gobierna Provincial de turno, seg\u00fan Decreto N\u00b0 529 del 22 de marzo de 1967, cuyos antecedentes fueron vertidos por Expediente N\u00b0 1012\/67, (en esa oportunidad estaba de gobernador el Cnel. Basail). Con el mismo Decreto 529\/67 es adscripto interinamente como Interventor de E. R E. CH, el Ing. Electricista Esteban Gruzycki, quien estaba a cargo de la Jefatura del departamento de Ingenier\u00eda de la Direcci\u00f3n General de Energ\u00eda, dependiente de la Subsecretar\u00eda de Obras P\u00fablicas. A mediados del a\u00f1o 1968 hasta aproximadamente el a\u00f1o 1970, es nombrado Interventor el Sr. Sergio M. G\u00e1ndara. Por Decreto N\u00b0 11\/70 el Ing. Esteban Gruzycki, es designado Director organizador de E.RECH., DESDE EL 13-01-70 al 14-01-71. Esta, funci\u00f3n continua por Decreto N\u00b0 56\/71 hasta el 13-01-72 y por Decreto N\u00b0 63\/72 es prorrogada hasta que culminen los estudios que se efectuaban dentro de la Empresa. DIRECCI\u00d3N GENERAL DE ENERG\u00cdA DEL CHACO.<\/p>\n<p style=\"text-align: justify;\">Por Ley Provincial N\u00b0 1127\/72 (11\/05\/72), es creada la Direcci\u00f3n General de Energ\u00eda del Chaco (Di. G. E. CH), que llevo autom\u00e1ticamente a la cesaci\u00f3n de las funciones de la Empresa Provincial de Energ\u00eda del Chaco (EPECH), la que depend\u00eda de la Subsecretar\u00eda de Obras P\u00fablicas de la Provincia.<\/p>\n<p style=\"text-align: justify;\">El d\u00eda 07 de junio de 1972, el Gobierno de la Provincia del Chaco, dicta el Decreto N\u00b0 1179\/72, determinando que la estructura, organizaci\u00f3n y funciones de Di. G. E. CH., queda sometida a las disposiciones de dicho Decreto Reglamentario, sin perjuicio de la aplicaci\u00f3n de normas generales que rige el Convenio de Trabajadores de Luz y Fuerza y la Administraci\u00f3n P\u00fablica, esta Direcci\u00f3n, depend\u00eda de la Subsecretar\u00eda de Obras P\u00fablicas.<\/p>\n<p><img loading=\"lazy\" class=\"size-full wp-image-220 aligncenter\" src=\"http:\/\/www.secheep.com.ar\/web\/wp-content\/uploads\/2016\/05\/historia-ee-chaco7.png\" alt=\"historia-ee-chaco7\" width=\"409\" height=\"330\" srcset=\"http:\/\/www.secheep.gov.ar\/wp-content\/uploads\/2016\/05\/historia-ee-chaco7.png 409w, http:\/\/www.secheep.gov.ar\/wp-content\/uploads\/2016\/05\/historia-ee-chaco7-300x242.png 300w\" sizes=\"(max-width: 409px) 100vw, 409px\" \/><\/p>\n<p><em><strong>Primer Usina El\u00e9ctrica de Pc\u00eda. Roque S\u00e1enz Pe\u00f1a Construida por el Sr. ENRIQUE ESTATUET Miembro del Honorable N\u00facleo de Pioneros, Primeros Pobladores de Pc\u00eda. Roque S\u00e1enz Pe\u00f1a, Constructores del Chaco.<\/strong><\/em><\/p>\n<p>[\/et_pb_text][\/et_pb_column][\/et_pb_row][\/et_pb_section]<\/p>\n","protected":false},"excerpt":{"rendered":"<p>El servicio electroenerg\u00e9tico de la Provincia del Chaco es iniciado por las Empresas Privadas; nuestro primer antecedente se remonta al siglo antepasado (1885), en la localidad de Las Palmas donde el Ingenio Azucarero de este lugar inaugura un Servicio de Energ\u00eda El\u00e9ctrica al dar comienzo la molienda en 1885 y extiende dicha electrificaci\u00f3n desde el [&hellip;]<\/p>\n","protected":false},"author":1,"featured_media":0,"parent":0,"menu_order":0,"comment_status":"closed","ping_status":"closed","template":"","meta":{"_et_pb_use_builder":"on","_et_pb_old_content":"","_et_gb_content_width":"","_joinchat":[]},"_links":{"self":[{"href":"https:\/\/www.secheep.gob.ar\/index.php?rest_route=\/wp\/v2\/pages\/693"}],"collection":[{"href":"https:\/\/www.secheep.gob.ar\/index.php?rest_route=\/wp\/v2\/pages"}],"about":[{"href":"https:\/\/www.secheep.gob.ar\/index.php?rest_route=\/wp\/v2\/types\/page"}],"author":[{"embeddable":true,"href":"https:\/\/www.secheep.gob.ar\/index.php?rest_route=\/wp\/v2\/users\/1"}],"replies":[{"embeddable":true,"href":"https:\/\/www.secheep.gob.ar\/index.php?rest_route=%2Fwp%2Fv2%2Fcomments&post=693"}],"version-history":[{"count":15,"href":"https:\/\/www.secheep.gob.ar\/index.php?rest_route=\/wp\/v2\/pages\/693\/revisions"}],"predecessor-version":[{"id":7886,"href":"https:\/\/www.secheep.gob.ar\/index.php?rest_route=\/wp\/v2\/pages\/693\/revisions\/7886"}],"wp:attachment":[{"href":"https:\/\/www.secheep.gob.ar\/index.php?rest_route=%2Fwp%2Fv2%2Fmedia&parent=693"}],"curies":[{"name":"wp","href":"https:\/\/api.w.org\/{rel}","templated":true}]}}